{"id":11315,"date":"2023-02-24T22:24:32","date_gmt":"2023-02-24T22:24:32","guid":{"rendered":"https:\/\/amina.is\/?post_type=product&#038;p=11315"},"modified":"2023-03-02T19:37:03","modified_gmt":"2023-03-02T19:37:03","slug":"gefdu-sjalfum-ther-gjof-thu-velur-upphaed","status":"publish","type":"product","link":"https:\/\/amina.is\/en\/verslun\/fatnadur\/naerfot-domu-fatnadur\/annadd\/gefdu-sjalfum-ther-gjof-thu-velur-upphaed\/","title":{"rendered":"Gef\u00f0u sj\u00e1lfum \u00fe\u00e9r gj\u00f6f &#8211; \u00de\u00fa velur upph\u00e6\u00f0ina"},"content":{"rendered":"<h5>\u00deessi valm\u00f6guleiki er fullkominn fyrir \u00fe\u00e1 sem elska a\u00f0 f\u00e1 \u00f3v\u00e6ntan pakka! Boxi\u00f0 hentar \u00feeim sem vilja f\u00e1 bl\u00f6ndu af hinu og \u00feessu (Ekki bara kynl\u00edfst\u00e6ki) og eru a\u00f0 st\u00edga s\u00edn fyrstu skref \u00ed kaupum \u00e1 leikf\u00f6ngum. Andvir\u00f0i boxins er alltaf 10 &#8211; 20% \u00a0h\u00e6rra en upph\u00e6\u00f0in sem \u00fe\u00fa velur. \u00dear sem vi\u00f0 handveljum \u00ed hvert box eftir p\u00f6ntunum \u00fe\u00e1 er ekki sj\u00e1lfgefi\u00f0 a\u00f0 innihald boxins s\u00e9 \u00fea\u00f0 sama \u00fe\u00f3 svo a\u00f0 tveir panti fyrir s\u00f6mu upph\u00e6\u00f0.<\/h5>\n<h5>Mundu a\u00f0 skilja eftir \u00ed athugasemdum \u00feegar \u00fe\u00fa grei\u00f0ir fyrir hva\u00f0a kyn boxi\u00f0 \u00e1 a\u00f0 vera \u00e1samt fata og n\u00e6rfatast\u00e6r\u00f0 til vi\u00f0mi\u00f0unar fyrir starfsf\u00f3lki\u00f0 okkar.<\/h5>","protected":false},"excerpt":{"rendered":"<p>Vi\u00f0 r\u00f6\u00f0um saman skemmtilegum pakka fyrir \u00feig.<\/p>","protected":false},"featured_media":11322,"template":"","meta":{"inline_featured_image":false},"product_brand":[],"product_cat":[890,891,508,342,196,41,42,43,340],"product_tag":[863,862],"class_list":{"0":"post-11315","1":"product","2":"type-product","3":"status-publish","4":"has-post-thumbnail","6":"product_cat-annadh","7":"product_cat-annadd","8":"product_cat-aukahlutir","9":"product_cat-naerfot-domu-fatnadur","10":"product_cat-fatnadur","11":"product_cat-fyrir-tha","12":"product_cat-fyrir-thaer","13":"product_cat-fyrir-thau","14":"product_cat-naerfot-herra","15":"product_tag-gift","16":"product_tag-pakki","18":"first","19":"instock","20":"shipping-taxable","21":"purchasable","22":"product-type-variable"},"yoast_head":"<!-- This site is optimized with the Yoast SEO Premium plugin v21.6 (Yoast SEO v27.4) - https:\/\/yoast.com\/product\/yoast-seo-premium-wordpress\/ -->\n<title>Gef\u00f0u sj\u00e1lfum \u00fe\u00e9r gj\u00f6f - \u00de\u00fa velur upph\u00e6\u00f0ina &#8211; Amina<\/title>\n<meta name=\"description\" content=\"Vi\u00f0 r\u00f6\u00f0um saman skemmtilegum pakka fyrir \u00feig.\" \/>\n<meta name=\"robots\" content=\"index, follow, max-snippet:-1, max-image-preview:large, max-video-preview:-1\" \/>\n<link rel=\"canonical\" href=\"https:\/\/amina.is\/en\/verslun\/fatnadur\/naerfot-domu-fatnadur\/annadd\/gefdu-sjalfum-ther-gjof-thu-velur-upphaed\/\" \/>\n<meta property=\"og:locale\" content=\"en_US\" \/>\n<meta property=\"og:type\" content=\"article\" \/>\n<meta property=\"og:title\" content=\"Gef\u00f0u sj\u00e1lfum \u00fe\u00e9r gj\u00f6f - \u00de\u00fa velur upph\u00e6\u00f0ina\" \/>\n<meta property=\"og:description\" content=\"Vi\u00f0 r\u00f6\u00f0um saman skemmtilegum pakka fyrir \u00feig.\" \/>\n<meta property=\"og:url\" content=\"https:\/\/amina.is\/en\/verslun\/fatnadur\/naerfot-domu-fatnadur\/annadd\/gefdu-sjalfum-ther-gjof-thu-velur-upphaed\/\" \/>\n<meta property=\"og:site_name\" content=\"Amina\" \/>\n<meta property=\"article:publisher\" content=\"https:\/\/m.facebook.com\/AMINA-100767148840241\/\" \/>\n<meta property=\"article:modified_time\" content=\"2023-03-02T19:37:03+00:00\" \/>\n<meta property=\"og:image\" content=\"https:\/\/amina.is\/wp-content\/uploads\/2023\/02\/Untitled-design-17.jpg\" \/>\n\t<meta property=\"og:image:width\" content=\"1080\" \/>\n\t<meta property=\"og:image:height\" content=\"1080\" \/>\n\t<meta property=\"og:image:type\" content=\"image\/jpeg\" \/>\n<meta name=\"twitter:card\" content=\"summary_large_image\" \/>\n<meta name=\"twitter:label1\" content=\"Est. reading time\" \/>\n\t<meta name=\"twitter:data1\" content=\"1 minute\" \/>\n<script type=\"application\/ld+json\" class=\"yoast-schema-graph\">{\"@context\":\"https:\\\/\\\/schema.org\",\"@graph\":[{\"@type\":\"WebPage\",\"@id\":\"https:\\\/\\\/amina.is\\\/verslun\\\/fatnadur\\\/naerfot-domu-fatnadur\\\/annadd\\\/gefdu-sjalfum-ther-gjof-thu-velur-upphaed\\\/\",\"url\":\"https:\\\/\\\/amina.is\\\/verslun\\\/fatnadur\\\/naerfot-domu-fatnadur\\\/annadd\\\/gefdu-sjalfum-ther-gjof-thu-velur-upphaed\\\/\",\"name\":\"Gef\u00f0u sj\u00e1lfum \u00fe\u00e9r gj\u00f6f - \u00de\u00fa velur upph\u00e6\u00f0ina &#8211; Amina\",\"isPartOf\":{\"@id\":\"https:\\\/\\\/amina.is\\\/#website\"},\"primaryImageOfPage\":{\"@id\":\"https:\\\/\\\/amina.is\\\/verslun\\\/fatnadur\\\/naerfot-domu-fatnadur\\\/annadd\\\/gefdu-sjalfum-ther-gjof-thu-velur-upphaed\\\/#primaryimage\"},\"image\":{\"@id\":\"https:\\\/\\\/amina.is\\\/verslun\\\/fatnadur\\\/naerfot-domu-fatnadur\\\/annadd\\\/gefdu-sjalfum-ther-gjof-thu-velur-upphaed\\\/#primaryimage\"},\"thumbnailUrl\":\"https:\\\/\\\/amina.is\\\/wp-content\\\/uploads\\\/2023\\\/02\\\/Untitled-design-17.jpg\",\"datePublished\":\"2023-02-24T22:24:32+00:00\",\"dateModified\":\"2023-03-02T19:37:03+00:00\",\"description\":\"Vi\u00f0 r\u00f6\u00f0um saman skemmtilegum pakka fyrir \u00feig.\",\"breadcrumb\":{\"@id\":\"https:\\\/\\\/amina.is\\\/verslun\\\/fatnadur\\\/naerfot-domu-fatnadur\\\/annadd\\\/gefdu-sjalfum-ther-gjof-thu-velur-upphaed\\\/#breadcrumb\"},\"inLanguage\":\"en-US\",\"potentialAction\":[{\"@type\":\"ReadAction\",\"target\":[\"https:\\\/\\\/amina.is\\\/verslun\\\/fatnadur\\\/naerfot-domu-fatnadur\\\/annadd\\\/gefdu-sjalfum-ther-gjof-thu-velur-upphaed\\\/\"]}]},{\"@type\":\"ImageObject\",\"inLanguage\":\"en-US\",\"@id\":\"https:\\\/\\\/amina.is\\\/verslun\\\/fatnadur\\\/naerfot-domu-fatnadur\\\/annadd\\\/gefdu-sjalfum-ther-gjof-thu-velur-upphaed\\\/#primaryimage\",\"url\":\"https:\\\/\\\/amina.is\\\/wp-content\\\/uploads\\\/2023\\\/02\\\/Untitled-design-17.jpg\",\"contentUrl\":\"https:\\\/\\\/amina.is\\\/wp-content\\\/uploads\\\/2023\\\/02\\\/Untitled-design-17.jpg\",\"width\":1080,\"height\":1080},{\"@type\":\"BreadcrumbList\",\"@id\":\"https:\\\/\\\/amina.is\\\/verslun\\\/fatnadur\\\/naerfot-domu-fatnadur\\\/annadd\\\/gefdu-sjalfum-ther-gjof-thu-velur-upphaed\\\/#breadcrumb\",\"itemListElement\":[{\"@type\":\"ListItem\",\"position\":1,\"name\":\"Home\",\"item\":\"https:\\\/\\\/amina.is\\\/\"},{\"@type\":\"ListItem\",\"position\":2,\"name\":\"Verslun\",\"item\":\"https:\\\/\\\/amina.is\\\/verslun\\\/\"},{\"@type\":\"ListItem\",\"position\":3,\"name\":\"Gef\u00f0u sj\u00e1lfum \u00fe\u00e9r gj\u00f6f &#8211; \u00de\u00fa velur upph\u00e6\u00f0ina\"}]},{\"@type\":\"WebSite\",\"@id\":\"https:\\\/\\\/amina.is\\\/#website\",\"url\":\"https:\\\/\\\/amina.is\\\/\",\"name\":\"Amina\",\"description\":\"Feeling is everything - Una\u00f0sv\u00f6rur fyrir alla\",\"publisher\":{\"@id\":\"https:\\\/\\\/amina.is\\\/#organization\"},\"potentialAction\":[{\"@type\":\"SearchAction\",\"target\":{\"@type\":\"EntryPoint\",\"urlTemplate\":\"https:\\\/\\\/amina.is\\\/?s={search_term_string}\"},\"query-input\":{\"@type\":\"PropertyValueSpecification\",\"valueRequired\":true,\"valueName\":\"search_term_string\"}}],\"inLanguage\":\"en-US\"},{\"@type\":\"Organization\",\"@id\":\"https:\\\/\\\/amina.is\\\/#organization\",\"name\":\"Amina\",\"url\":\"https:\\\/\\\/amina.is\\\/\",\"logo\":{\"@type\":\"ImageObject\",\"inLanguage\":\"en-US\",\"@id\":\"https:\\\/\\\/amina.is\\\/#\\\/schema\\\/logo\\\/image\\\/\",\"url\":\"https:\\\/\\\/amina.is\\\/wp-content\\\/uploads\\\/2021\\\/09\\\/logo.png\",\"contentUrl\":\"https:\\\/\\\/amina.is\\\/wp-content\\\/uploads\\\/2021\\\/09\\\/logo.png\",\"width\":1790,\"height\":464,\"caption\":\"Amina\"},\"image\":{\"@id\":\"https:\\\/\\\/amina.is\\\/#\\\/schema\\\/logo\\\/image\\\/\"},\"sameAs\":[\"https:\\\/\\\/m.facebook.com\\\/AMINA-100767148840241\\\/\",\"https:\\\/\\\/www.instagram.com\\\/aminaverslun\\\/\"]}]}<\/script>\n<!-- \/ Yoast SEO Premium plugin. -->","yoast_head_json":{"title":"Gef\u00f0u sj\u00e1lfum \u00fe\u00e9r gj\u00f6f - \u00de\u00fa velur upph\u00e6\u00f0ina &#8211; Amina","description":"Vi\u00f0 r\u00f6\u00f0um saman skemmtilegum pakka fyrir \u00feig.","robots":{"index":"index","follow":"follow","max-snippet":"max-snippet:-1","max-image-preview":"max-image-preview:large","max-video-preview":"max-video-preview:-1"},"canonical":"https:\/\/amina.is\/en\/verslun\/fatnadur\/naerfot-domu-fatnadur\/annadd\/gefdu-sjalfum-ther-gjof-thu-velur-upphaed\/","og_locale":"en_US","og_type":"article","og_title":"Gef\u00f0u sj\u00e1lfum \u00fe\u00e9r gj\u00f6f - \u00de\u00fa velur upph\u00e6\u00f0ina","og_description":"Vi\u00f0 r\u00f6\u00f0um saman skemmtilegum pakka fyrir \u00feig.","og_url":"https:\/\/amina.is\/en\/verslun\/fatnadur\/naerfot-domu-fatnadur\/annadd\/gefdu-sjalfum-ther-gjof-thu-velur-upphaed\/","og_site_name":"Amina","article_publisher":"https:\/\/m.facebook.com\/AMINA-100767148840241\/","article_modified_time":"2023-03-02T19:37:03+00:00","og_image":[{"width":1080,"height":1080,"url":"https:\/\/amina.is\/wp-content\/uploads\/2023\/02\/Untitled-design-17.jpg","type":"image\/jpeg"}],"twitter_card":"summary_large_image","twitter_misc":{"Est. reading time":"1 minute"},"schema":{"@context":"https:\/\/schema.org","@graph":[{"@type":"WebPage","@id":"https:\/\/amina.is\/verslun\/fatnadur\/naerfot-domu-fatnadur\/annadd\/gefdu-sjalfum-ther-gjof-thu-velur-upphaed\/","url":"https:\/\/amina.is\/verslun\/fatnadur\/naerfot-domu-fatnadur\/annadd\/gefdu-sjalfum-ther-gjof-thu-velur-upphaed\/","name":"Gef\u00f0u sj\u00e1lfum \u00fe\u00e9r gj\u00f6f - \u00de\u00fa velur upph\u00e6\u00f0ina &#8211; Amina","isPartOf":{"@id":"https:\/\/amina.is\/#website"},"primaryImageOfPage":{"@id":"https:\/\/amina.is\/verslun\/fatnadur\/naerfot-domu-fatnadur\/annadd\/gefdu-sjalfum-ther-gjof-thu-velur-upphaed\/#primaryimage"},"image":{"@id":"https:\/\/amina.is\/verslun\/fatnadur\/naerfot-domu-fatnadur\/annadd\/gefdu-sjalfum-ther-gjof-thu-velur-upphaed\/#primaryimage"},"thumbnailUrl":"https:\/\/amina.is\/wp-content\/uploads\/2023\/02\/Untitled-design-17.jpg","datePublished":"2023-02-24T22:24:32+00:00","dateModified":"2023-03-02T19:37:03+00:00","description":"Vi\u00f0 r\u00f6\u00f0um saman skemmtilegum pakka fyrir \u00feig.","breadcrumb":{"@id":"https:\/\/amina.is\/verslun\/fatnadur\/naerfot-domu-fatnadur\/annadd\/gefdu-sjalfum-ther-gjof-thu-velur-upphaed\/#breadcrumb"},"inLanguage":"en-US","potentialAction":[{"@type":"ReadAction","target":["https:\/\/amina.is\/verslun\/fatnadur\/naerfot-domu-fatnadur\/annadd\/gefdu-sjalfum-ther-gjof-thu-velur-upphaed\/"]}]},{"@type":"ImageObject","inLanguage":"en-US","@id":"https:\/\/amina.is\/verslun\/fatnadur\/naerfot-domu-fatnadur\/annadd\/gefdu-sjalfum-ther-gjof-thu-velur-upphaed\/#primaryimage","url":"https:\/\/amina.is\/wp-content\/uploads\/2023\/02\/Untitled-design-17.jpg","contentUrl":"https:\/\/amina.is\/wp-content\/uploads\/2023\/02\/Untitled-design-17.jpg","width":1080,"height":1080},{"@type":"BreadcrumbList","@id":"https:\/\/amina.is\/verslun\/fatnadur\/naerfot-domu-fatnadur\/annadd\/gefdu-sjalfum-ther-gjof-thu-velur-upphaed\/#breadcrumb","itemListElement":[{"@type":"ListItem","position":1,"name":"Home","item":"https:\/\/amina.is\/"},{"@type":"ListItem","position":2,"name":"Verslun","item":"https:\/\/amina.is\/verslun\/"},{"@type":"ListItem","position":3,"name":"Gef\u00f0u sj\u00e1lfum \u00fe\u00e9r gj\u00f6f &#8211; \u00de\u00fa velur upph\u00e6\u00f0ina"}]},{"@type":"WebSite","@id":"https:\/\/amina.is\/#website","url":"https:\/\/amina.is\/","name":"Amina","description":"Feeling is everything - Una\u00f0sv\u00f6rur fyrir alla","publisher":{"@id":"https:\/\/amina.is\/#organization"},"potentialAction":[{"@type":"SearchAction","target":{"@type":"EntryPoint","urlTemplate":"https:\/\/amina.is\/?s={search_term_string}"},"query-input":{"@type":"PropertyValueSpecification","valueRequired":true,"valueName":"search_term_string"}}],"inLanguage":"en-US"},{"@type":"Organization","@id":"https:\/\/amina.is\/#organization","name":"Amina","url":"https:\/\/amina.is\/","logo":{"@type":"ImageObject","inLanguage":"en-US","@id":"https:\/\/amina.is\/#\/schema\/logo\/image\/","url":"https:\/\/amina.is\/wp-content\/uploads\/2021\/09\/logo.png","contentUrl":"https:\/\/amina.is\/wp-content\/uploads\/2021\/09\/logo.png","width":1790,"height":464,"caption":"Amina"},"image":{"@id":"https:\/\/amina.is\/#\/schema\/logo\/image\/"},"sameAs":["https:\/\/m.facebook.com\/AMINA-100767148840241\/","https:\/\/www.instagram.com\/aminaverslun\/"]}]}},"_links":{"self":[{"href":"https:\/\/amina.is\/en\/wp-json\/wp\/v2\/product\/11315","targetHints":{"allow":["GET"]}}],"collection":[{"href":"https:\/\/amina.is\/en\/wp-json\/wp\/v2\/product"}],"about":[{"href":"https:\/\/amina.is\/en\/wp-json\/wp\/v2\/types\/product"}],"version-history":[{"count":4,"href":"https:\/\/amina.is\/en\/wp-json\/wp\/v2\/product\/11315\/revisions"}],"predecessor-version":[{"id":11326,"href":"https:\/\/amina.is\/en\/wp-json\/wp\/v2\/product\/11315\/revisions\/11326"}],"wp:featuredmedia":[{"embeddable":true,"href":"https:\/\/amina.is\/en\/wp-json\/wp\/v2\/media\/11322"}],"wp:attachment":[{"href":"https:\/\/amina.is\/en\/wp-json\/wp\/v2\/media?parent=11315"}],"wp:term":[{"taxonomy":"product_brand","embeddable":true,"href":"https:\/\/amina.is\/en\/wp-json\/wp\/v2\/product_brand?post=11315"},{"taxonomy":"product_cat","embeddable":true,"href":"https:\/\/amina.is\/en\/wp-json\/wp\/v2\/product_cat?post=11315"},{"taxonomy":"product_tag","embeddable":true,"href":"https:\/\/amina.is\/en\/wp-json\/wp\/v2\/product_tag?post=11315"}],"curies":[{"name":"wp","href":"https:\/\/api.w.org\/{rel}","templated":true}]}}